{"version":"1.0","provider_name":"Filmtopia","provider_url":"https:\/\/filmtopia.net\/es\/","author_name":"aleix","author_url":"https:\/\/filmtopia.net\/es\/author\/aleix\/","title":"Ana Endara Mislov y Paulina Garc\u00eda: El refugio del jard\u00edn","type":"rich","width":600,"height":338,"html":"<blockquote class=\"wp-embedded-content\" data-secret=\"9YkkdIQIB9\"><a href=\"https:\/\/filmtopia.net\/es\/entrevista-endara-mislov-garcia\/\">El refugio del jard\u00edn<\/a><\/blockquote><iframe sandbox=\"allow-scripts\" security=\"restricted\" src=\"https:\/\/filmtopia.net\/es\/entrevista-endara-mislov-garcia\/embed\/#?secret=9YkkdIQIB9\" width=\"600\" height=\"338\" title=\"\u00abEl refugio del jard\u00edn\u00bb \u2014 Filmtopia\" data-secret=\"9YkkdIQIB9\" frameborder=\"0\" marginwidth=\"0\" marginheight=\"0\" scrolling=\"no\" class=\"wp-embedded-content\"><\/iframe><script type=\"text\/javascript\">\n\/* <![CDATA[ *\/\n\/*! This file is auto-generated *\/\n!function(d,l){\"use strict\";l.querySelector&&d.addEventListener&&\"undefined\"!=typeof URL&&(d.wp=d.wp||{},d.wp.receiveEmbedMessage||(d.wp.receiveEmbedMessage=function(e){var t=e.data;if((t||t.secret||t.message||t.value)&&!\/[^a-zA-Z0-9]\/.test(t.secret)){for(var s,r,n,a=l.querySelectorAll('iframe[data-secret=\"'+t.secret+'\"]'),o=l.querySelectorAll('blockquote[data-secret=\"'+t.secret+'\"]'),c=new RegExp(\"^https?:$\",\"i\"),i=0;i<o.length;i++)o[i].style.display=\"none\";for(i=0;i<a.length;i++)s=a[i],e.source===s.contentWindow&&(s.removeAttribute(\"style\"),\"height\"===t.message?(1e3<(r=parseInt(t.value,10))?r=1e3:~~r<200&&(r=200),s.height=r):\"link\"===t.message&&(r=new URL(s.getAttribute(\"src\")),n=new URL(t.value),c.test(n.protocol))&&n.host===r.host&&l.activeElement===s&&(d.top.location.href=t.value))}},d.addEventListener(\"message\",d.wp.receiveEmbedMessage,!1),l.addEventListener(\"DOMContentLoaded\",function(){for(var e,t,s=l.querySelectorAll(\"iframe.wp-embedded-content\"),r=0;r<s.length;r++)(t=(e=s[r]).getAttribute(\"data-secret\"))||(t=Math.random().toString(36).substring(2,12),e.src+=\"#?secret=\"+t,e.setAttribute(\"data-secret\",t)),e.contentWindow.postMessage({message:\"ready\",secret:t},\"*\")},!1)))}(window,document);\n\/\/# sourceURL=https:\/\/filmtopia.net\/wp-includes\/js\/wp-embed.min.js\n\/* ]]> *\/\n<\/script>\n","thumbnail_url":"https:\/\/filmtopia.net\/wp-content\/uploads\/2025\/06\/endara-garcia-Entrevista-horitzontal.jpg","thumbnail_width":1327,"thumbnail_height":799,"description":"El pr\u00f3ximo viernes 4 de julio, dentro de la programaci\u00f3n de La Gran Pantalla, Festival Internacional de Cine de las Personas Mayores de Barcelona, se proyectar\u00e1 \u2018Querido tr\u00f3pico\u2019 de Ana Endara Mislov. Esta es una excelente ocasi\u00f3n para descubrir uno de los mejores films latinoamericanos del a\u00f1o, que pudimos ver en la secci\u00f3n Horizontes Latinos del pasado Festival de San Sebasti\u00e1n, donde tuvimos la oportunidad de entrevistar a la directora, Ana Endara Mislov, y a su protagonista, la actriz Paulina Garc\u00eda."}