{"version":"1.0","provider_name":"Filmtopia","provider_url":"https:\/\/filmtopia.net\/es\/","author_name":"aleix","author_url":"https:\/\/filmtopia.net\/es\/author\/aleix\/","title":"Entrevista: Su Friedrich: Autibiograf\u00eda, experimentaci\u00f3n y activismo","type":"rich","width":600,"height":338,"html":"<blockquote class=\"wp-embedded-content\" data-secret=\"qHhluGe1XY\"><a href=\"https:\/\/filmtopia.net\/es\/entrevista-su-friedrich\/\">Autobiograf\u00eda, experimentaci\u00f3n y activismo<\/a><\/blockquote><iframe sandbox=\"allow-scripts\" security=\"restricted\" src=\"https:\/\/filmtopia.net\/es\/entrevista-su-friedrich\/embed\/#?secret=qHhluGe1XY\" width=\"600\" height=\"338\" title=\"\u00abAutobiograf\u00eda, experimentaci\u00f3n y activismo\u00bb \u2014 Filmtopia\" data-secret=\"qHhluGe1XY\" frameborder=\"0\" marginwidth=\"0\" marginheight=\"0\" scrolling=\"no\" class=\"wp-embedded-content\"><\/iframe><script type=\"text\/javascript\">\n\/* <![CDATA[ *\/\n\/*! This file is auto-generated *\/\n!function(d,l){\"use strict\";l.querySelector&&d.addEventListener&&\"undefined\"!=typeof URL&&(d.wp=d.wp||{},d.wp.receiveEmbedMessage||(d.wp.receiveEmbedMessage=function(e){var t=e.data;if((t||t.secret||t.message||t.value)&&!\/[^a-zA-Z0-9]\/.test(t.secret)){for(var s,r,n,a=l.querySelectorAll('iframe[data-secret=\"'+t.secret+'\"]'),o=l.querySelectorAll('blockquote[data-secret=\"'+t.secret+'\"]'),c=new RegExp(\"^https?:$\",\"i\"),i=0;i<o.length;i++)o[i].style.display=\"none\";for(i=0;i<a.length;i++)s=a[i],e.source===s.contentWindow&&(s.removeAttribute(\"style\"),\"height\"===t.message?(1e3<(r=parseInt(t.value,10))?r=1e3:~~r<200&&(r=200),s.height=r):\"link\"===t.message&&(r=new URL(s.getAttribute(\"src\")),n=new URL(t.value),c.test(n.protocol))&&n.host===r.host&&l.activeElement===s&&(d.top.location.href=t.value))}},d.addEventListener(\"message\",d.wp.receiveEmbedMessage,!1),l.addEventListener(\"DOMContentLoaded\",function(){for(var e,t,s=l.querySelectorAll(\"iframe.wp-embedded-content\"),r=0;r<s.length;r++)(t=(e=s[r]).getAttribute(\"data-secret\"))||(t=Math.random().toString(36).substring(2,12),e.src+=\"#?secret=\"+t,e.setAttribute(\"data-secret\",t)),e.contentWindow.postMessage({message:\"ready\",secret:t},\"*\")},!1)))}(window,document);\n\/\/# sourceURL=https:\/\/filmtopia.net\/wp-includes\/js\/wp-embed.min.js\n\/* ]]> *\/\n<\/script>\n","thumbnail_url":"https:\/\/filmtopia.net\/wp-content\/uploads\/2024\/06\/Su-Friedrich-Degradat-taronka-WEB-apaisat-4.png","thumbnail_width":1327,"thumbnail_height":799,"description":"La Filmoteca de Catalunya, en colaboraci\u00f3n con el Festival Punto de Vista, dedic\u00f3 una retrospectiva el mes de marzo a la figura de la directora estadounidense Su Friedrich. El ciclo, que recog\u00eda una muestra significativa de la veintena de pel\u00edculas de la filmograf\u00eda de la documentalista, es el primero que pudo verse en Espa\u00f1a."}